{"id":2082,"date":"2023-10-21T01:44:52","date_gmt":"2023-10-21T01:44:52","guid":{"rendered":"https:\/\/angolaemb-se.org\/?page_id=2082"},"modified":"2023-11-16T22:22:10","modified_gmt":"2023-11-16T22:22:10","slug":"vice","status":"publish","type":"page","link":"https:\/\/angolaemb-se.org\/?page_id=2082","title":{"rendered":"VICE-PRESIDENTE"},"content":{"rendered":"\t\t<div data-elementor-type=\"wp-page\" data-elementor-id=\"2082\" class=\"elementor elementor-2082\">\n\t\t\t\t<div class=\"elementor-element elementor-element-4b0f3b4 e-con-full e-flex e-con e-parent\" data-id=\"4b0f3b4\" data-element_type=\"container\" data-e-type=\"container\">\n\t\t<div class=\"elementor-element elementor-element-eae838a e-con-full e-flex e-con e-child\" data-id=\"eae838a\" data-element_type=\"container\" data-e-type=\"container\">\n\t\t\t\t<div class=\"elementor-element elementor-element-4173619 elementor-widget elementor-widget-image\" data-id=\"4173619\" data-element_type=\"widget\" data-e-type=\"widget\" data-widget_type=\"image.default\">\n\t\t\t\t<div class=\"elementor-widget-container\">\n\t\t\t\t\t\t\t\t\t\t\t\t\t\t\t<img fetchpriority=\"high\" decoding=\"async\" width=\"1024\" height=\"683\" src=\"https:\/\/angolaemb-se.org\/wp-content\/uploads\/2023\/10\/VICE.jpeg\" class=\"attachment-large size-large wp-image-2084\" alt=\"\" srcset=\"https:\/\/angolaemb-se.org\/wp-content\/uploads\/2023\/10\/VICE.jpeg 1024w, https:\/\/angolaemb-se.org\/wp-content\/uploads\/2023\/10\/VICE-400x267.jpeg 400w, https:\/\/angolaemb-se.org\/wp-content\/uploads\/2023\/10\/VICE-768x512.jpeg 768w\" sizes=\"(max-width: 1024px) 100vw, 1024px\" \/>\t\t\t\t\t\t\t\t\t\t\t\t\t\t\t<\/div>\n\t\t\t\t<\/div>\n\t\t\t\t<div class=\"elementor-element elementor-element-32e9a00 elementor-widget__width-initial elementor-widget elementor-widget-heading\" data-id=\"32e9a00\" data-element_type=\"widget\" data-e-type=\"widget\" data-widget_type=\"heading.default\">\n\t\t\t\t<div class=\"elementor-widget-container\">\n\t\t\t\t\t<h2 class=\"elementor-heading-title elementor-size-medium\">ESPERAN\u00c7A MARIA EDUARDO FRANCISCO DA COSTA<\/h2>\t\t\t\t<\/div>\n\t\t\t\t<\/div>\n\t\t\t\t<div class=\"elementor-element elementor-element-fe7bb10 elementor-widget elementor-widget-heading\" data-id=\"fe7bb10\" data-element_type=\"widget\" data-e-type=\"widget\" data-widget_type=\"heading.default\">\n\t\t\t\t<div class=\"elementor-widget-container\">\n\t\t\t\t\t<h2 class=\"elementor-heading-title elementor-size-small\">VICE-PRESIDENTE DA REP\u00daBLICA DE ANGOLA<\/h2>\t\t\t\t<\/div>\n\t\t\t\t<\/div>\n\t\t\t\t<\/div>\n\t\t<div class=\"elementor-element elementor-element-67e33d8 e-con-full e-flex e-con e-child\" data-id=\"67e33d8\" data-element_type=\"container\" data-e-type=\"container\">\n\t\t\t\t<div class=\"elementor-element elementor-element-e8d6c8a elementor-widget elementor-widget-text-editor\" data-id=\"e8d6c8a\" data-element_type=\"widget\" data-e-type=\"widget\" data-widget_type=\"text-editor.default\">\n\t\t\t\t<div class=\"elementor-widget-container\">\n\t\t\t\t\t\t\t\t\t<div class=\"indent_title_in\"><h3>Dados Pessoais<\/h3><\/div><div class=\"wrapper_indent\"><div class=\"row\"><div class=\"col-lg-12\"><p>\u2022 Filia\u00e7\u00e3o: Eduardo Francisco e Maria Ventura\u2022 Data de nascimento: 3 de Maio de 1961<\/p><p>\u2022 Naturalidade: Prov\u00edncia de Luanda<\/p><\/div><\/div><\/div><div class=\"indent_title_in\"><h3>Forma\u00e7\u00e3o Acad\u00e9mica<\/h3><\/div><div class=\"wrapper_indent\"><div class=\"row\"><div class=\"col-lg-12\"><p><strong>\u2022 <\/strong>1997 &#8211; Doutoramento com distin\u00e7\u00e3o em\u00a0Fitoecologia &#8211; estudo feito a plantas angolanas e a ecologia,\u00a0na Universidade T\u00e9cnica de Lisboa, Portugal<\/p><p>&#8211; Professora Assistente de Biologia Vegetal<\/p><p>&#8211; Vice-Directora da Faculdade de Ci\u00eancias e respons\u00e1vel\/coordenadora do Herb\u00e1rio de Luanda<\/p><p><strong>\u2022<\/strong>\u00a01990\u00a0<strong>&#8211;\u00a0<\/strong>Mestrado pela Universidade T\u00e9cnica de Lisboa<\/p><p><strong>\u2022<\/strong>\u00a0Licenciatura em\u00a0Biologia\u00a0pela Faculdade\u00a0de\u00a0Ci\u00eancias da Universidade Agostinho Neto (UAN)<\/p><\/div><\/div><\/div><div class=\"indent_title_in\"><h3>Experi\u00eancia Governativa<\/h3><\/div><div class=\"wrapper_indent\"><div class=\"row\"><div class=\"col-lg-12\"><p><strong>\u2022 <\/strong>2020\/2022<strong>\u00a0<\/strong>&#8211;<strong>\u00a0<\/strong>Secret\u00e1ria de Estado para as Pescas<\/p><\/div><\/div><\/div><div class=\"indent_title_in\"><h3>Experi\u00eancia Profissional<\/h3><\/div><div class=\"wrapper_indent\"><div class=\"row\"><div class=\"col-lg-12\"><p><strong>\u00a0\u2022 <\/strong>Pertenceu ao segundo grupo de bi\u00f3logos do p\u00f3s-Independ\u00eancia do Pa\u00eds, formados nos anos 1984-85.<\/p><p>\u2022 2018\/2020 &#8211; Consultora da Ministra do Ambiente<\/p><p>\u2022 2019\/2020 &#8211; Autoridade Cient\u00edfica Nacional para a Conven\u00e7\u00e3o Internacional Sobre o Com\u00e9rcio de Esp\u00e9cies Amea\u00e7adas (CITES)<\/p><p>\u2022 2019<strong>\u00a0&#8211;\u00a0<\/strong>Coordenadora Nacional do\u00a0<i>Global<\/i>\u00a0<i>Biodiversity Facility Information\u00a0<\/i>(GBIF) da Plataforma Mundial de Biodiversidade<\/p><p>\u2022 2012\/2016 &#8211; Consultora da Ministra das Pescas<\/p><p>\u2022 2010\/2020 &#8211; Directora do Centro de Bot\u00e2nica da UAN<\/p><p>\u2022 Coordenadora do Mestrado em Gest\u00e3o e Governan\u00e7a Ambiental da Faculdade de Ci\u00eancias da UAN em parceria com Faculdade de Ci\u00eancia da Universidade de Lisboa<\/p><p>\u2022 2009\/2012 &#8211; Consultora da Vice-Ministra das Pescas<\/p><p>\u2022 Consultora do Programa das Na\u00e7\u00f5es Unidas para o Desenvolvimento<\/p><p>\u2022 2007\/2010 &#8211; Directora para os Assuntos Cient\u00edficos da Faculdade de Ci\u00eancias<\/p><p>\u2022 2002\/2007 &#8211; Pro-Reitora para Expans\u00e3o Universit\u00e1ria da UAN<\/p><p>\u2022 2000 \u2013 Professora Titular da UAN<\/p><p>\u2022 1999\/2000 &#8211; Consultora do Minist\u00e9rio das Pescas e Ambiente<\/p><p>\u2022 1998\/2004 &#8211; Coordenadora Nacional da Rede de Estudos de Biodiversidade (SABONET) da SADC<\/p><p>\u2022 1997\u2013 Vice-Directora da Faculdade de Ci\u00eancias para os Assuntos Cient\u00edficos<\/p><p>\u2022 1986\/1990<strong>\u00a0<\/strong>&#8211; Assistente Graduada e Chefe de Departamento de Biologia<\/p><p><strong>\u2022 <\/strong>2007\/2010 &#8211;<strong>\u00a0<\/strong>Directora para os Assuntos Cient\u00edficos da Faculdade de Ci\u00eancias; Vice-Reitora para Expans\u00e3o do Ensino da UAN<\/p><p align=\"justify\">&#8211; Na qualidade de Vice-Reitora para a Expans\u00e3o do Ensino Superior, coordenou o programa de expans\u00e3o do ensino superior para as demais Prov\u00edncias do Pa\u00eds, numa altura em que a miss\u00e3o estava adstrita \u00e0 UAN<\/p><p align=\"justify\">&#8211; Como coordenadora do Grupo de Trabalho do Col\u00e9gio Reitoral da UAN, participou no restabelecimento do curso de Medicina, que deu origem ao surgimento da Faculdade de Medicina, na actual Universidade Jos\u00e9 Eduardo dos Santos, na Prov\u00edncia do Huambo<\/p><p align=\"justify\">&#8211; Esteve na base da cria\u00e7\u00e3o da Universidade Mandume Ya Ndemofayo, na Prov\u00edncia da Hu\u00edla; da Escola Superior de Ci\u00eancia e Tecnologia de Saurimo, Lunda Sul; Escola Superior Pedag\u00f3gica da Lunda Norte; do Polo Universit\u00e1rio do Namibe; da Escola Superior de Tecnologia; Faculdade de Medicina de Cabinda e da Academia de Pescas e do Mar do Namibe<\/p><p align=\"justify\">&#8211; Participa\u00e7\u00e3o no processo de cria\u00e7\u00e3o das novas universidades nas v\u00e1rias regi\u00f5es do pa\u00eds, na qualidade de Directora Nacional para o Ensino Superior<\/p><p align=\"justify\">&#8211; Trabalhou na reinstala\u00e7\u00e3o da Faculdade de Ci\u00eancias Agr\u00e1rias, na Chianga, Huambo, reinaugurada em 2004<\/p><p align=\"justify\"><strong>\u2022 <\/strong>1982 &#8211; Ingresso no quadro docente do Departamento de Biologia da Faculdade de Ci\u00eancias, como monitora, na especialidade de bot\u00e2nica<\/p><p align=\"justify\"><strong>\u2022 <\/strong>1985 &#8211; Chefe de Departamento de Biologia<\/p><p align=\"justify\"><strong>\u2022 <\/strong>Est\u00e1gio no Centro de Bot\u00e2nica do Instituto de Investiga\u00e7\u00e3o Cientifica Tropical\u00a0da Junta de Investiga\u00e7\u00e3o Cientifica de Ultramar, em Lisboa, tendo elaborado uma monografia sobre esp\u00e9cies de plantas alimentares e ornamentais de Angola<\/p><\/div><\/div><\/div><div class=\"indent_title_in\"><h3>Outras Refer\u00eancias<\/h3><\/div><div class=\"wrapper_indent\"><div class=\"row\"><div class=\"col-lg-12\"><p>\u2022 2012\/2017 &#8211; Membro da Coordena\u00e7\u00e3o da Academia de Pescas e do Mar do Namibe<\/p><p align=\"justify\">\u2022 2008\/2004-<strong>\u00a0<\/strong>Ponto Focal para \u00c1frica Austral da Rede Internacional de Ci\u00eancias,<br \/><i>International Fundation for Science\u00a0<\/i>(IFS)<\/p><p align=\"justify\"><strong>\u2022 <\/strong>Membro do Grupo de Trabalho do Programa Benguela\u00a0<i>Environment Fisheries Interactions\u00a0and<br \/>Training\u00a0Program<\/i>\u00a0(BENEFIT) e coordenadora pela parte de Forma\u00e7\u00e3o &#8211; Ecossistema da Corrente fria de Benguela<\/p><p align=\"justify\"><strong>\u2022\u00a0<\/strong>2000\u00a0<strong>&#8211;\u00a0<\/strong>Membro do Grupo de Trabalho da Comiss\u00e3o Regional da Corrente Fria de Benguela\u00a0<i>\u201dBenguela Current Large Marine Ecossistem\u201d\u00a0<\/i>(BCLME)<\/p><p><strong>Obras publicadas\u00a0<\/strong><\/p><p><strong>\u2022\u00a0<\/strong>Plantas Medicinais de Angola<\/p><p><strong>\u2022\u00a0<\/strong>Plantas Amea\u00e7adas de Angola<\/p><p><strong>\u2022\u00a0<\/strong><i>Check list<\/i>\u00a0das\u00a0<i>Poaceae\u00a0<\/i>de Angola<\/p><p align=\"justify\">Autora de dezenas de artigos publicados em revistas cient\u00edficas e especializadas de n\u00edvel internacional<\/p><p align=\"justify\">&#8211; Assumiu cargos em institui\u00e7\u00f5es de estudo e preserva\u00e7\u00e3o da biodiversidade, entre os quais se destacam: 2018 &#8211; Manager\/Presidente para Angola do <i>Global Biodiversity Information Facility<\/i>\u00a0&#8211; GBIF<\/p><p align=\"justify\">1999 &#8211; Coordenadora Nacional da Rede de Estudos de Biodiversidade da SADC\/<i>The Southern African Botanical Diversity Network<\/i>\u00a0&#8211; SABONET<\/p><p>1986 &#8211; Ponto Focal para \u00c1frica Austral da Rede Internacional de Ci\u00eancias, IFS<\/p><p>1999 &#8211; Membro do Grupo de Trabalho da Comiss\u00e3o Regional da Corrente Fria de Benguela\/BCLME &#8211; <i>Benguela Current Large Marine Ecosystem<\/i><\/p><p>2015 &#8211; Membro da Associa\u00e7\u00e3o Internacional Sobre Impacto Ambiental (IAIA) &#8211; Estados Unidos<\/p><p>1992 &#8211; Presidente da Comiss\u00e3o Executiva dos Bi\u00f3logos<\/p><p>2022 &#8211; Membro-fundadora da Ordem dos Bi\u00f3logos<\/p><p>1982 \u2013 Reintegra\u00e7\u00e3o na Organiza\u00e7\u00e3o da Mulher Angolana (OMA), no Rangel, Luanda<\/p><p>&#8211; Membro do Comit\u00e9 Municipal de Luanda<\/p><p>&#8211; Membro do Comit\u00e9 Central (CC) e do Bureau Pol\u00edtico (BP) do MPLA<\/p><\/div><\/div><\/div>\t\t\t\t\t\t\t\t<\/div>\n\t\t\t\t<\/div>\n\t\t\t\t<\/div>\n\t\t\t\t<\/div>\n\t\t<div class=\"elementor-element elementor-element-d8e41c2 e-flex e-con-boxed e-con e-parent\" data-id=\"d8e41c2\" data-element_type=\"container\" data-e-type=\"container\">\n\t\t\t\t\t<div class=\"e-con-inner\">\n\t\t\t\t<div class=\"elementor-element elementor-element-e5ea33a elementor-widget elementor-widget-image\" data-id=\"e5ea33a\" data-element_type=\"widget\" data-e-type=\"widget\" data-widget_type=\"image.default\">\n\t\t\t\t<div class=\"elementor-widget-container\">\n\t\t\t\t\t\t\t\t\t\t\t\t\t\t\t\t<a href=\"https:\/\/www.governo.gov.ao\/biografia\/presid%C3%AAncia\/esperan%C3%A7a-maria-eduardo-francisco-da-costa\">\n\t\t\t\t\t\t\t<img decoding=\"async\" width=\"400\" height=\"45\" src=\"https:\/\/angolaemb-se.org\/wp-content\/uploads\/2023\/10\/gov_angola-1-400x45.png\" class=\"attachment-medium size-medium wp-image-2109\" alt=\"\" srcset=\"https:\/\/angolaemb-se.org\/wp-content\/uploads\/2023\/10\/gov_angola-1-400x45.png 400w, https:\/\/angolaemb-se.org\/wp-content\/uploads\/2023\/10\/gov_angola-1-1024x116.png 1024w, https:\/\/angolaemb-se.org\/wp-content\/uploads\/2023\/10\/gov_angola-1-768x87.png 768w, https:\/\/angolaemb-se.org\/wp-content\/uploads\/2023\/10\/gov_angola-1-1536x174.png 1536w, https:\/\/angolaemb-se.org\/wp-content\/uploads\/2023\/10\/gov_angola-1-2048x233.png 2048w\" sizes=\"(max-width: 400px) 100vw, 400px\" \/>\t\t\t\t\t\t\t\t<\/a>\n\t\t\t\t\t\t\t\t\t\t\t\t\t\t\t<\/div>\n\t\t\t\t<\/div>\n\t\t\t\t\t<\/div>\n\t\t\t\t<\/div>\n\t\t\t\t<\/div>\n\t\t","protected":false},"excerpt":{"rendered":"<p>ESPERAN\u00c7A MARIA EDUARDO FRANCISCO DA COSTA VICE-PRESIDENTE DA REP\u00daBLICA DE ANGOLA Dados Pessoais \u2022 Filia\u00e7\u00e3o: Eduardo Francisco e Maria Ventura\u2022 Data de nascimento: 3 de Maio de 1961 \u2022 Naturalidade: Prov\u00edncia de Luanda Forma\u00e7\u00e3o Acad\u00e9mica \u2022 1997 &#8211; Doutoramento com distin\u00e7\u00e3o em\u00a0Fitoecologia &#8211; estudo feito a plantas angolanas e a ecologia,\u00a0na Universidade T\u00e9cnica de Lisboa,&hellip;<\/p>\n","protected":false},"author":1,"featured_media":0,"parent":0,"menu_order":0,"comment_status":"closed","ping_status":"closed","template":"","meta":{"om_disable_all_campaigns":false,"_themeisle_gutenberg_block_has_review":false,"_mc_calendar":[],"footnotes":""},"class_list":["post-2082","page","type-page","status-publish","hentry"],"aioseo_notices":[],"_links":{"self":[{"href":"https:\/\/angolaemb-se.org\/index.php?rest_route=\/wp\/v2\/pages\/2082","targetHints":{"allow":["GET"]}}],"collection":[{"href":"https:\/\/angolaemb-se.org\/index.php?rest_route=\/wp\/v2\/pages"}],"about":[{"href":"https:\/\/angolaemb-se.org\/index.php?rest_route=\/wp\/v2\/types\/page"}],"author":[{"embeddable":true,"href":"https:\/\/angolaemb-se.org\/index.php?rest_route=\/wp\/v2\/users\/1"}],"replies":[{"embeddable":true,"href":"https:\/\/angolaemb-se.org\/index.php?rest_route=%2Fwp%2Fv2%2Fcomments&post=2082"}],"version-history":[{"count":28,"href":"https:\/\/angolaemb-se.org\/index.php?rest_route=\/wp\/v2\/pages\/2082\/revisions"}],"predecessor-version":[{"id":3032,"href":"https:\/\/angolaemb-se.org\/index.php?rest_route=\/wp\/v2\/pages\/2082\/revisions\/3032"}],"wp:attachment":[{"href":"https:\/\/angolaemb-se.org\/index.php?rest_route=%2Fwp%2Fv2%2Fmedia&parent=2082"}],"curies":[{"name":"wp","href":"https:\/\/api.w.org\/{rel}","templated":true}]}}