{"id":2090,"date":"2023-10-21T02:02:32","date_gmt":"2023-10-21T02:02:32","guid":{"rendered":"https:\/\/angolaemb-se.org\/?page_id=2090"},"modified":"2023-11-16T22:26:54","modified_gmt":"2023-11-16T22:26:54","slug":"ministro","status":"publish","type":"page","link":"https:\/\/angolaemb-se.org\/?page_id=2090","title":{"rendered":"MINISTRO DAS RELA\u00c7\u00d5ES EXTERIORES"},"content":{"rendered":"\t\t<div data-elementor-type=\"wp-page\" data-elementor-id=\"2090\" class=\"elementor elementor-2090\">\n\t\t\t\t<div class=\"elementor-element elementor-element-d5c1191 e-con-full e-flex e-con e-parent\" data-id=\"d5c1191\" data-element_type=\"container\" data-e-type=\"container\">\n\t\t<div class=\"elementor-element elementor-element-1c82628 e-con-full e-flex e-con e-child\" data-id=\"1c82628\" data-element_type=\"container\" data-e-type=\"container\">\n\t\t\t\t<div class=\"elementor-element elementor-element-0a7cde9 elementor-widget elementor-widget-image\" data-id=\"0a7cde9\" data-element_type=\"widget\" data-e-type=\"widget\" data-widget_type=\"image.default\">\n\t\t\t\t<div class=\"elementor-widget-container\">\n\t\t\t\t\t\t\t\t\t\t\t\t\t\t\t<img fetchpriority=\"high\" decoding=\"async\" width=\"237\" height=\"300\" src=\"https:\/\/angolaemb-se.org\/wp-content\/uploads\/2023\/10\/tete_antonio.jpeg\" class=\"attachment-large size-large wp-image-2092\" alt=\"\" srcset=\"https:\/\/angolaemb-se.org\/wp-content\/uploads\/2023\/10\/tete_antonio.jpeg 237w, https:\/\/angolaemb-se.org\/wp-content\/uploads\/2023\/10\/tete_antonio-224x284.jpeg 224w\" sizes=\"(max-width: 237px) 100vw, 237px\" \/>\t\t\t\t\t\t\t\t\t\t\t\t\t\t\t<\/div>\n\t\t\t\t<\/div>\n\t\t\t\t<div class=\"elementor-element elementor-element-57593b4 elementor-widget elementor-widget-heading\" data-id=\"57593b4\" data-element_type=\"widget\" data-e-type=\"widget\" data-widget_type=\"heading.default\">\n\t\t\t\t<div class=\"elementor-widget-container\">\n\t\t\t\t\t<h2 class=\"elementor-heading-title elementor-size-medium\">T\u00c9TE ANT\u00d3NIO<\/h2>\t\t\t\t<\/div>\n\t\t\t\t<\/div>\n\t\t\t\t<div class=\"elementor-element elementor-element-19f03e7 elementor-widget elementor-widget-heading\" data-id=\"19f03e7\" data-element_type=\"widget\" data-e-type=\"widget\" data-widget_type=\"heading.default\">\n\t\t\t\t<div class=\"elementor-widget-container\">\n\t\t\t\t\t<h4 class=\"elementor-heading-title elementor-size-small\">MINISTRO DAS RELA\u00c7\u00d5ES EXTERIORES<\/h4>\t\t\t\t<\/div>\n\t\t\t\t<\/div>\n\t\t\t\t<\/div>\n\t\t<div class=\"elementor-element elementor-element-5925db2 e-con-full e-flex e-con e-child\" data-id=\"5925db2\" data-element_type=\"container\" data-e-type=\"container\">\n\t\t\t\t<div class=\"elementor-element elementor-element-1468e4d elementor-widget elementor-widget-text-editor\" data-id=\"1468e4d\" data-element_type=\"widget\" data-e-type=\"widget\" data-widget_type=\"text-editor.default\">\n\t\t\t\t<div class=\"elementor-widget-container\">\n\t\t\t\t\t\t\t\t\t<div class=\"indent_title_in\"><h3>Dados Pessoais<\/h3><\/div><div class=\"wrapper_indent\"><div class=\"row\"><div class=\"col-lg-12\"><p>\u2022 \u00a0Filia\u00e7\u00e3o: Menga Ant\u00f3nio e de Maria Muisi da Rosa<\/p><p>\u2022 \u00a0Data de nascimento: 22 de Janeiro de 1955<\/p><p>\u2022 \u00a0Naturalidade: Bembe, Prov\u00edncia do U\u00edge<\/p><\/div><\/div><\/div><div class=\"indent_title_in\"><p>\u00a0<\/p><h3>Forma\u00e7\u00e3o Acad\u00e9mica<\/h3><\/div><div class=\"wrapper_indent\"><div class=\"row\"><div class=\"col-lg-12\"><p>\u2022 \u00a0Mestrado em Rela\u00e7\u00f5es Econ\u00f3micas Internacionais pela Universidade de Kiev\/Ucr\u00e2nia<\/p><p>\u2022 \u00a0Licenciatura em Diplomacia Preventiva pela Universidade de Columbia, Nova Iorque, Estados Unidos da Am\u00e9rica<\/p><\/div><\/div><\/div><div class=\"indent_title_in\"><p>\u00a0<\/p><h3>Forma\u00e7\u00e3o Profissional<\/h3><\/div><div class=\"wrapper_indent\"><div class=\"row\"><div class=\"col-lg-12\"><p>\u2022 Forma\u00e7\u00e3o em Gest\u00e3o, Resolu\u00e7\u00e3o de Conflitos e Media\u00e7\u00e3o pelo Instituto do Minist\u00e9rio dos Neg\u00f3cios Estrangeiros de Cairo, Rep\u00fablica \u00c1rabe do Egipto<\/p><p>\u2022 Forma\u00e7\u00e3o de Direito e Pr\u00e1tica das Na\u00e7\u00f5es Unidas pela Universidade de Nova Iorque, Estados Unidos da Am\u00e9rica<\/p><\/div><\/div><\/div><div class=\"indent_title_in\"><p>\u00a0<\/p><h3>Experi\u00eancia Governativa<\/h3><\/div><div class=\"wrapper_indent\"><div class=\"row\"><div class=\"col-lg-12\"><p>\u2022 \u00a0De 2020 \u00e0 presente data, Ministro das Rela\u00e7\u00f5es Exteriores<\/p><p>\u2022 \u00a02017\/2020 &#8211; Secret\u00e1rio de Estado para as Rela\u00e7\u00f5es Exteriores<\/p><p>\u2022 \u00a0Representante da Uni\u00e3o Africana Junto das Na\u00e7\u00f5es Unidas em Nova Iorque<\/p><p>\u2022 \u00a0Ministro Conselheiro na Miss\u00e3o Permanente da Rep\u00fablica de Angola junto das Na\u00e7\u00f5es Unidas, Nova Iorque<\/p><p>\u2022 \u00a02003\/2004 &#8211; Membro da Delega\u00e7\u00e3o Angolana no Conselho de Seguran\u00e7a da ONU<\/p><\/div><\/div><\/div><div class=\"indent_title_in\"><p>\u00a0<\/p><h3>Experi\u00eancia Profissional<\/h3><\/div><div class=\"wrapper_indent\"><div class=\"row\"><div class=\"col-lg-12\"><p>\u2022 2017\/2020 &#8211; Conselheiro Diplom\u00e1tico do Presidente da Comiss\u00e3o da Uni\u00e3o Africana<\/p><p>\u2022 \u00a0Perito principal durante a Presid\u00eancia Angolana da Comiss\u00e3o de Consolida\u00e7\u00e3o da Paz da ONU<\/p><p>\u2022 \u00a01999\/2002 &#8211; Director de Gabinete do Vice-Ministro das Rela\u00e7\u00f5es Exteriores<\/p><p>\u2022 \u00a01997\/1999 &#8211; Observador Pol\u00edtico da Uni\u00e3o Africana junto da Miss\u00e3o das Na\u00e7\u00f5es para a Organiza\u00e7\u00e3o de um Referendo no Sahara Ocidental, em El Aiun<\/p><p>\u2022 \u00a01993\/1997 &#8211; Diplomata na Embaixada da Rep\u00fablica de Angola em Addis Abeba, Eti\u00f3pia, Miss\u00e3o Permanente junto da Uni\u00e3o Africana<\/p><p>\u2022 \u00a0Funcion\u00e1rio do Departamento da Uni\u00e3o Africana e Institui\u00e7\u00f5es Especializadas da Direc\u00e7\u00e3o \u00c1frica e M\u00e9dio Oriente do MIREX\u00a0<\/p><p>\u2022 \u00a0Funcion\u00e1rio da IMPORTANG do Minist\u00e9rio do Com\u00e9rcio Externo\u00a0<\/p><p>\u2022 Membro de Observa\u00e7\u00e3o das Elei\u00e7\u00f5es pela Uni\u00e3o Africana<\/p><\/div><\/div><\/div><div class=\"indent_title_in\"><p>\u00a0<\/p><h3>Idiomas<\/h3><\/div><div class=\"wrapper_indent\"><div class=\"row\"><div class=\"col-lg-12\"><p>\u2022 Ingl\u00eas, franc\u00eas, russo, espanhol, kikongo e lingala<\/p><\/div><\/div><\/div>\t\t\t\t\t\t\t\t<\/div>\n\t\t\t\t<\/div>\n\t\t\t\t<\/div>\n\t\t\t\t<\/div>\n\t\t<div class=\"elementor-element elementor-element-7df91df e-flex e-con-boxed e-con e-parent\" data-id=\"7df91df\" data-element_type=\"container\" data-e-type=\"container\">\n\t\t\t\t\t<div class=\"e-con-inner\">\n\t\t\t\t<div class=\"elementor-element elementor-element-32bb3a0 elementor-widget elementor-widget-image\" data-id=\"32bb3a0\" data-element_type=\"widget\" data-e-type=\"widget\" data-widget_type=\"image.default\">\n\t\t\t\t<div class=\"elementor-widget-container\">\n\t\t\t\t\t\t\t\t\t\t\t\t\t\t\t\t<a href=\"https:\/\/www.governo.gov.ao\/biografia\/ministro\/t%C3%A9te-ant%C3%B3nio\">\n\t\t\t\t\t\t\t<img decoding=\"async\" width=\"400\" height=\"45\" src=\"https:\/\/angolaemb-se.org\/wp-content\/uploads\/2023\/10\/gov_angola-2-400x45.png\" class=\"attachment-medium size-medium wp-image-2128\" alt=\"\" srcset=\"https:\/\/angolaemb-se.org\/wp-content\/uploads\/2023\/10\/gov_angola-2-400x45.png 400w, https:\/\/angolaemb-se.org\/wp-content\/uploads\/2023\/10\/gov_angola-2-1024x116.png 1024w, https:\/\/angolaemb-se.org\/wp-content\/uploads\/2023\/10\/gov_angola-2-768x87.png 768w, https:\/\/angolaemb-se.org\/wp-content\/uploads\/2023\/10\/gov_angola-2-1536x174.png 1536w, https:\/\/angolaemb-se.org\/wp-content\/uploads\/2023\/10\/gov_angola-2-2048x233.png 2048w\" sizes=\"(max-width: 400px) 100vw, 400px\" \/>\t\t\t\t\t\t\t\t<\/a>\n\t\t\t\t\t\t\t\t\t\t\t\t\t\t\t<\/div>\n\t\t\t\t<\/div>\n\t\t\t\t\t<\/div>\n\t\t\t\t<\/div>\n\t\t\t\t<\/div>\n\t\t","protected":false},"excerpt":{"rendered":"<p>T\u00c9TE ANT\u00d3NIO MINISTRO DAS RELA\u00c7\u00d5ES EXTERIORES Dados Pessoais \u2022 \u00a0Filia\u00e7\u00e3o: Menga Ant\u00f3nio e de Maria Muisi da Rosa \u2022 \u00a0Data de nascimento: 22 de Janeiro de 1955 \u2022 \u00a0Naturalidade: Bembe, Prov\u00edncia do U\u00edge \u00a0 Forma\u00e7\u00e3o Acad\u00e9mica \u2022 \u00a0Mestrado em Rela\u00e7\u00f5es Econ\u00f3micas Internacionais pela Universidade de Kiev\/Ucr\u00e2nia \u2022 \u00a0Licenciatura em Diplomacia Preventiva pela Universidade de Columbia,&hellip;<\/p>\n","protected":false},"author":1,"featured_media":0,"parent":0,"menu_order":0,"comment_status":"closed","ping_status":"closed","template":"","meta":{"om_disable_all_campaigns":false,"_themeisle_gutenberg_block_has_review":false,"_mc_calendar":[],"footnotes":""},"class_list":["post-2090","page","type-page","status-publish","hentry"],"aioseo_notices":[],"_links":{"self":[{"href":"https:\/\/angolaemb-se.org\/index.php?rest_route=\/wp\/v2\/pages\/2090","targetHints":{"allow":["GET"]}}],"collection":[{"href":"https:\/\/angolaemb-se.org\/index.php?rest_route=\/wp\/v2\/pages"}],"about":[{"href":"https:\/\/angolaemb-se.org\/index.php?rest_route=\/wp\/v2\/types\/page"}],"author":[{"embeddable":true,"href":"https:\/\/angolaemb-se.org\/index.php?rest_route=\/wp\/v2\/users\/1"}],"replies":[{"embeddable":true,"href":"https:\/\/angolaemb-se.org\/index.php?rest_route=%2Fwp%2Fv2%2Fcomments&post=2090"}],"version-history":[{"count":31,"href":"https:\/\/angolaemb-se.org\/index.php?rest_route=\/wp\/v2\/pages\/2090\/revisions"}],"predecessor-version":[{"id":3036,"href":"https:\/\/angolaemb-se.org\/index.php?rest_route=\/wp\/v2\/pages\/2090\/revisions\/3036"}],"wp:attachment":[{"href":"https:\/\/angolaemb-se.org\/index.php?rest_route=%2Fwp%2Fv2%2Fmedia&parent=2090"}],"curies":[{"name":"wp","href":"https:\/\/api.w.org\/{rel}","templated":true}]}}