{"id":2148,"date":"2023-10-21T14:56:32","date_gmt":"2023-10-21T14:56:32","guid":{"rendered":"https:\/\/angolaemb-se.org\/?page_id=2148"},"modified":"2023-10-26T20:23:38","modified_gmt":"2023-10-26T20:23:38","slug":"simbolos","status":"publish","type":"page","link":"https:\/\/angolaemb-se.org\/?page_id=2148","title":{"rendered":"S\u00cdMBOLOS"},"content":{"rendered":"\t\t<div data-elementor-type=\"wp-page\" data-elementor-id=\"2148\" class=\"elementor elementor-2148\">\n\t\t\t\t<div class=\"elementor-element elementor-element-80efef3 e-flex e-con-boxed e-con e-parent\" data-id=\"80efef3\" data-element_type=\"container\" data-e-type=\"container\">\n\t\t\t\t\t<div class=\"e-con-inner\">\n\t\t\t\t<div class=\"elementor-element elementor-element-3c555f5 elementor-widget elementor-widget-heading\" data-id=\"3c555f5\" data-element_type=\"widget\" data-e-type=\"widget\" data-widget_type=\"heading.default\">\n\t\t\t\t<div class=\"elementor-widget-container\">\n\t\t\t\t\t<h2 class=\"elementor-heading-title elementor-size-medium\">S\u00cdMBOLOS NACIONAIS<\/h2>\t\t\t\t<\/div>\n\t\t\t\t<\/div>\n\t\t\t\t<div class=\"elementor-element elementor-element-e554866 elementor-widget elementor-widget-spacer\" data-id=\"e554866\" data-element_type=\"widget\" data-e-type=\"widget\" data-widget_type=\"spacer.default\">\n\t\t\t\t<div class=\"elementor-widget-container\">\n\t\t\t\t\t\t\t<div class=\"elementor-spacer\">\n\t\t\t<div class=\"elementor-spacer-inner\"><\/div>\n\t\t<\/div>\n\t\t\t\t\t\t<\/div>\n\t\t\t\t<\/div>\n\t\t\t\t\t<\/div>\n\t\t\t\t<\/div>\n\t\t<div class=\"elementor-element elementor-element-a86949d e-flex e-con-boxed e-con e-parent\" data-id=\"a86949d\" data-element_type=\"container\" data-e-type=\"container\">\n\t\t\t\t\t<div class=\"e-con-inner\">\n\t\t<div class=\"elementor-element elementor-element-238fd2b e-con-full e-flex e-con e-child\" data-id=\"238fd2b\" data-element_type=\"container\" data-e-type=\"container\">\n\t\t\t\t<div class=\"elementor-element elementor-element-d3af991 elementor-widget__width-initial elementor-widget elementor-widget-text-editor\" data-id=\"d3af991\" data-element_type=\"widget\" data-e-type=\"widget\" data-widget_type=\"text-editor.default\">\n\t\t\t\t<div class=\"elementor-widget-container\">\n\t\t\t\t\t\t\t\t\t<p align=\"justify\">A Bandeira Nacional foi vista e aprovada pela Assembleia Constituinte, aos 21 de Janeiro de 2010, e na sequ\u00eancia do Acord\u00e3o do Tribunal Constitucional n.\u00ba 111\/ 2010 de 30 de Janeiro, aos 3 de Fevereiro de 2010.<\/p>\n\n<h5>Descri\u00e7\u00e3o e significado<\/h5>\n<div class=\" vc_custom_1550048590948\">\n<div id=\"text-block-10\" class=\"mk-text-block \">\n\n<p align=\"justify\">Bandeira de Angola \u00e9 composta por duas faixas horizontais dispostas em duas cores. A faixa acima \u00e9 vermelha e a abaixo \u00e9 preta.<\/p>\n\n<p align=\"justify\">Vermelho: Cor que representa o sangue derramado pelos angolanos nas lutas contra a opress\u00e3o colonial, pela liberta\u00e7\u00e3o nacional e pela defesa do pa\u00eds.<\/p>\n\nPreto: Esta cor simboliza o continente africano\n<div class=\"clearboth\"><\/div>\n<\/div>\n<\/div>\n<div class=\" vc_custom_1561979843471\">\n<div id=\"text-block-11\" class=\"mk-text-block \">\n\n<strong>No centro h\u00e1 uma figura composta:<\/strong>\n<ul>\n \t<li>Parte de uma engrenagem (roda dentada) representando trabalhadores e produ\u00e7\u00e3o industrial.<\/li>\n \t<li>Um fac\u00e3o que simboliza camponeses, produ\u00e7\u00e3o agr\u00edcola e luta armada.<\/li>\n \t<li>Uma estrela que simboliza a solidariedade internacional e o progresso.<\/li>\n \t<li>A cor amarela da roda dentada, o fac\u00e3o e a estrela representam as riquezas do pa\u00eds.<\/li>\n<\/ul>\n<\/div>\n<\/div>\t\t\t\t\t\t\t\t<\/div>\n\t\t\t\t<\/div>\n\t\t\t\t<\/div>\n\t\t<div class=\"elementor-element elementor-element-a675d25 e-con-full e-flex e-con e-child\" data-id=\"a675d25\" data-element_type=\"container\" data-e-type=\"container\">\n\t\t\t\t<div class=\"elementor-element elementor-element-a0cb3aa elementor-widget elementor-widget-image\" data-id=\"a0cb3aa\" data-element_type=\"widget\" data-e-type=\"widget\" data-widget_type=\"image.default\">\n\t\t\t\t<div class=\"elementor-widget-container\">\n\t\t\t\t\t\t\t\t\t\t\t\t\t\t\t<img decoding=\"async\" width=\"255\" height=\"170\" src=\"https:\/\/angolaemb-se.org\/wp-content\/uploads\/2023\/10\/BANDEIRA.png\" class=\"attachment-medium size-medium wp-image-2150\" alt=\"\" \/>\t\t\t\t\t\t\t\t\t\t\t\t\t\t\t<\/div>\n\t\t\t\t<\/div>\n\t\t\t\t<\/div>\n\t\t\t\t\t<\/div>\n\t\t\t\t<\/div>\n\t\t<div class=\"elementor-element elementor-element-a7ce128 e-flex e-con-boxed e-con e-parent\" data-id=\"a7ce128\" data-element_type=\"container\" data-e-type=\"container\">\n\t\t\t\t\t<div class=\"e-con-inner\">\n\t\t<div class=\"elementor-element elementor-element-036479f e-con-full e-flex e-con e-child\" data-id=\"036479f\" data-element_type=\"container\" data-e-type=\"container\">\n\t\t\t\t<div class=\"elementor-element elementor-element-c63169a elementor-widget elementor-widget-image\" data-id=\"c63169a\" data-element_type=\"widget\" data-e-type=\"widget\" data-widget_type=\"image.default\">\n\t\t\t\t<div class=\"elementor-widget-container\">\n\t\t\t\t\t\t\t\t\t\t\t\t\t\t\t<img fetchpriority=\"high\" decoding=\"async\" width=\"249\" height=\"284\" src=\"https:\/\/angolaemb-se.org\/wp-content\/uploads\/2023\/10\/insignia-1-249x284.jpeg\" class=\"attachment-medium size-medium wp-image-2156\" alt=\"\" srcset=\"https:\/\/angolaemb-se.org\/wp-content\/uploads\/2023\/10\/insignia-1-249x284.jpeg 249w, https:\/\/angolaemb-se.org\/wp-content\/uploads\/2023\/10\/insignia-1.jpeg 700w\" sizes=\"(max-width: 249px) 100vw, 249px\" \/>\t\t\t\t\t\t\t\t\t\t\t\t\t\t\t<\/div>\n\t\t\t\t<\/div>\n\t\t\t\t<\/div>\n\t\t<div class=\"elementor-element elementor-element-54f9c3e e-con-full e-flex e-con e-child\" data-id=\"54f9c3e\" data-element_type=\"container\" data-e-type=\"container\">\n\t\t\t\t<div class=\"elementor-element elementor-element-23e5b47 elementor-widget elementor-widget-text-editor\" data-id=\"23e5b47\" data-element_type=\"widget\" data-e-type=\"widget\" data-widget_type=\"text-editor.default\">\n\t\t\t\t<div class=\"elementor-widget-container\">\n\t\t\t\t\t\t\t\t\t<p align=\"justify\">A Ins\u00edgnia Nacional foi vista e aprovada pela Assembleia Constituinte, aos 21 de Janeiro de 2010, e na sequ\u00eancia do Acord\u00e3o do Tribunal Constitu\u00adcional n.\u00ba 111\/ 2010 de 30 de Janeiro, aos 3 de Fevereiro de 2010.<\/p>\n\n<p align=\"justify\">A Ins\u00edgnia da Rep\u00fablica de Angola \u00e9 formada por uma sec\u00e7\u00e3o de uma roda dentada e por uma ramagem de milho, caf\u00e9 e algod\u00e3o, representando, respectivamente, os trabalhadores e a produ\u00e7\u00e3o industrial, os camponeses e a produ\u00e7\u00e3o agr\u00edcola.<\/p>\n\n<p align=\"justify\">Na base do conjunto, existe um livro aberto, s\u00edmbolo da educa\u00e7\u00e3o e cultura, e o sol nascente, significando o novo Pa\u00eds. Ao centro est\u00e1 colocada uma catana e uma enxada, simbolizando o trabalho e o in\u00edcio da luta armada. Ao cimo figura a estrela, s\u00edmbolo da solidariedade internacional e do progresso.<\/p>\n\n<p align=\"justify\">Na parte inferior do emblema est\u00e1 colocada uma faixa dourada com a inscri\u00e7\u00e3o Rep\u00fablica de Angola.<\/p>\t\t\t\t\t\t\t\t<\/div>\n\t\t\t\t<\/div>\n\t\t\t\t<\/div>\n\t\t\t\t\t<\/div>\n\t\t\t\t<\/div>\n\t\t<div class=\"elementor-element elementor-element-210ecec e-flex e-con-boxed e-con e-parent\" data-id=\"210ecec\" data-element_type=\"container\" data-e-type=\"container\">\n\t\t\t\t\t<div class=\"e-con-inner\">\n\t\t\t\t<div class=\"elementor-element elementor-element-f553699 elementor-widget elementor-widget-heading\" data-id=\"f553699\" data-element_type=\"widget\" data-e-type=\"widget\" data-widget_type=\"heading.default\">\n\t\t\t\t<div class=\"elementor-widget-container\">\n\t\t\t\t\t<h2 class=\"elementor-heading-title elementor-size-medium\">HINO NACIONAL <\/h2>\t\t\t\t<\/div>\n\t\t\t\t<\/div>\n\t\t\t\t\t<\/div>\n\t\t\t\t<\/div>\n\t\t<div class=\"elementor-element elementor-element-c3f40a3 e-flex e-con-boxed e-con e-parent\" data-id=\"c3f40a3\" data-element_type=\"container\" data-e-type=\"container\">\n\t\t\t\t\t<div class=\"e-con-inner\">\n\t\t<div class=\"elementor-element elementor-element-bb02855 e-con-full e-flex e-con e-child\" data-id=\"bb02855\" data-element_type=\"container\" data-e-type=\"container\">\n\t\t\t\t<div class=\"elementor-element elementor-element-0147c69 elementor-widget elementor-widget-text-editor\" data-id=\"0147c69\" data-element_type=\"widget\" data-e-type=\"widget\" data-widget_type=\"text-editor.default\">\n\t\t\t\t<div class=\"elementor-widget-container\">\n\t\t\t\t\t\t\t\t\t<p>\u00d3 P\u00e1tria nunca mais esqueceremos<br \/>Os her\u00f3is do 4 de Fevereiro<br \/><br \/>\u00d3 P\u00e1tria nos saudamos os teus filhos<br \/>Tombados pela nossa independ\u00eancia<br \/><br \/>Honramos o passado, a nossa hist\u00f3ria<br \/>Construindo no trabalho o homem novo<br \/><br \/>Honramos o passado, a nossa hist\u00f3ria<br \/>Construindo no trabalho o homem novo<\/p><p>Angola avante, revolu\u00e7\u00e3o<br \/>Pelo poder popular!<br \/><br \/>P\u00e1tria unida, liberdade<br \/>Um s\u00f3 povo uma s\u00f3 Na\u00e7\u00e3o!<br \/><br \/>Angola avante, revolu\u00e7\u00e3o<br \/>Pelo poder popular!<br \/><br \/>P\u00e1tria unida, liberdade<br \/>Um s\u00f3 povo uma s\u00f3 Na\u00e7\u00e3o!<\/p>\t\t\t\t\t\t\t\t<\/div>\n\t\t\t\t<\/div>\n\t\t\t\t<\/div>\n\t\t<div class=\"elementor-element elementor-element-067a72f e-con-full e-flex e-con e-child\" data-id=\"067a72f\" data-element_type=\"container\" data-e-type=\"container\">\n\t\t\t\t<div class=\"elementor-element elementor-element-f0daa0c elementor-widget elementor-widget-text-editor\" data-id=\"f0daa0c\" data-element_type=\"widget\" data-e-type=\"widget\" data-widget_type=\"text-editor.default\">\n\t\t\t\t<div class=\"elementor-widget-container\">\n\t\t\t\t\t\t\t\t\t<p>Levantemos nossas vozes libertadas<br \/>Para a gl\u00f3ria dos povos africanos<br \/><br \/>Marchemos combatentes angolanos<br \/>Solid\u00e1rios com os povos oprimidos<br \/><br \/>Orgulhosos lutaremos pela paz<br \/>Com as for\u00e7as progressistas do mundo<br \/><br \/>Orgulhosos lutaremos pela paz<br \/>Com as for\u00e7as progressistas do mundo<\/p><p>Angola avante, revolu\u00e7\u00e3o<br \/>Pelo poder popular!<br \/><br \/>P\u00e1tria unida, liberdade<br \/>Um s\u00f3 povo, uma s\u00f3 Na\u00e7\u00e3o!<br \/><br \/>Angola avante, revolu\u00e7\u00e3o!<br \/>Pelo poder popular!<br \/><br \/>P\u00e1tria unida, liberdade<br \/>Um s\u00f3 povo uma s\u00f3 Na\u00e7\u00e3o!<\/p>\t\t\t\t\t\t\t\t<\/div>\n\t\t\t\t<\/div>\n\t\t\t\t<\/div>\n\t\t\t\t\t<\/div>\n\t\t\t\t<\/div>\n\t\t<div class=\"elementor-element elementor-element-08dfb88 e-flex e-con-boxed e-con e-parent\" data-id=\"08dfb88\" data-element_type=\"container\" data-e-type=\"container\">\n\t\t\t\t\t<div class=\"e-con-inner\">\n\t\t\t\t<div class=\"elementor-element elementor-element-8425b29 elementor-widget elementor-widget-wp-widget-media_audio\" data-id=\"8425b29\" data-element_type=\"widget\" data-e-type=\"widget\" data-widget_type=\"wp-widget-media_audio.default\">\n\t\t\t\t<div class=\"elementor-widget-container\">\n\t\t\t\t\t<audio class=\"wp-audio-shortcode\" id=\"audio-2148-1\" preload=\"none\" style=\"width: 100%;\" controls=\"controls\"><source type=\"audio\/mpeg\" src=\"https:\/\/angolaemb-se.org\/wp-content\/uploads\/2023\/10\/Hino-de-Angola-instrumental.mp3?_=1\" \/><source type=\"audio\/mpeg\" src=\"https:\/\/angolaemb-se.org\/wp-content\/uploads\/2023\/10\/Hino-de-Angola-instrumental.mp3?_=1\" \/><a href=\"https:\/\/angolaemb-se.org\/wp-content\/uploads\/2023\/10\/Hino-de-Angola-instrumental.mp3\">https:\/\/angolaemb-se.org\/wp-content\/uploads\/2023\/10\/Hino-de-Angola-instrumental.mp3<\/a><\/audio>\t\t\t\t<\/div>\n\t\t\t\t<\/div>\n\t\t\t\t\t<\/div>\n\t\t\t\t<\/div>\n\t\t\t\t<\/div>\n\t\t","protected":false},"excerpt":{"rendered":"<p>S\u00cdMBOLOS NACIONAIS A Bandeira Nacional foi vista e aprovada pela Assembleia Constituinte, aos 21 de Janeiro de 2010, e na sequ\u00eancia do Acord\u00e3o do Tribunal Constitucional n.\u00ba 111\/ 2010 de 30 de Janeiro, aos 3 de Fevereiro de 2010. Descri\u00e7\u00e3o e significado Bandeira de Angola \u00e9 composta por duas faixas horizontais dispostas em duas cores.&hellip;<\/p>\n","protected":false},"author":1,"featured_media":0,"parent":0,"menu_order":0,"comment_status":"closed","ping_status":"closed","template":"","meta":{"om_disable_all_campaigns":false,"_themeisle_gutenberg_block_has_review":false,"_mc_calendar":[],"footnotes":""},"class_list":["post-2148","page","type-page","status-publish","hentry"],"aioseo_notices":[],"_links":{"self":[{"href":"https:\/\/angolaemb-se.org\/index.php?rest_route=\/wp\/v2\/pages\/2148","targetHints":{"allow":["GET"]}}],"collection":[{"href":"https:\/\/angolaemb-se.org\/index.php?rest_route=\/wp\/v2\/pages"}],"about":[{"href":"https:\/\/angolaemb-se.org\/index.php?rest_route=\/wp\/v2\/types\/page"}],"author":[{"embeddable":true,"href":"https:\/\/angolaemb-se.org\/index.php?rest_route=\/wp\/v2\/users\/1"}],"replies":[{"embeddable":true,"href":"https:\/\/angolaemb-se.org\/index.php?rest_route=%2Fwp%2Fv2%2Fcomments&post=2148"}],"version-history":[{"count":19,"href":"https:\/\/angolaemb-se.org\/index.php?rest_route=\/wp\/v2\/pages\/2148\/revisions"}],"predecessor-version":[{"id":2386,"href":"https:\/\/angolaemb-se.org\/index.php?rest_route=\/wp\/v2\/pages\/2148\/revisions\/2386"}],"wp:attachment":[{"href":"https:\/\/angolaemb-se.org\/index.php?rest_route=%2Fwp%2Fv2%2Fmedia&parent=2148"}],"curies":[{"name":"wp","href":"https:\/\/api.w.org\/{rel}","templated":true}]}}