{"id":2177,"date":"2023-10-21T16:18:37","date_gmt":"2023-10-21T16:18:37","guid":{"rendered":"https:\/\/angolaemb-se.org\/?page_id=2177"},"modified":"2024-05-21T10:40:10","modified_gmt":"2024-05-21T10:40:10","slug":"pais","status":"publish","type":"page","link":"https:\/\/angolaemb-se.org\/?page_id=2177","title":{"rendered":"O PA\u00cdS"},"content":{"rendered":"\t\t<div data-elementor-type=\"wp-page\" data-elementor-id=\"2177\" class=\"elementor elementor-2177\">\n\t\t\t\t<div class=\"elementor-element elementor-element-713325a e-flex e-con-boxed e-con e-parent\" data-id=\"713325a\" data-element_type=\"container\" data-e-type=\"container\">\n\t\t\t\t\t<div class=\"e-con-inner\">\n\t\t\t\t<div class=\"elementor-element elementor-element-cade076 elementor-widget elementor-widget-text-editor\" data-id=\"cade076\" data-element_type=\"widget\" data-e-type=\"widget\" data-widget_type=\"text-editor.default\">\n\t\t\t\t<div class=\"elementor-widget-container\">\n\t\t\t\t\t\t\t\t\t<p align=\"justify\">Angola, oficialmente Rep\u00fablica de Angola, \u00e9 um pa\u00eds da costa ocidental de \u00c1frica, cujo territ\u00f3rio principal \u00e9 limitado a norte e a nordeste pela Rep\u00fablica Democr\u00e1tica do Congo, a leste pela Z\u00e2mbia, a sul pela Nam\u00edbia e a oeste pelo Oceano Atl\u00e2ntico. Inclui tamb\u00e9m o exclave de Cabinda, atrav\u00e9s do qual faz fronteira com a Rep\u00fablica do Congo, a norte.<\/p>\n<p align=\"justify\">O nome Angola \u00e9 uma deriva\u00e7\u00e3o portuguesa do termo banto n\u2019gola, t\u00edtulo dos reis do Reino do Dongoexistente na altura em que os portugueses se estabeleceram em Luanda, no s\u00e9culo XVI. O termo tem ra\u00edzes no termo ngolo que significa &#8220;for\u00e7a&#8221; em quimbundo e em quicongo, l\u00ednguas dos povos ambundos e congos respectivamente.<\/p>\t\t\t\t\t\t\t\t<\/div>\n\t\t\t\t<\/div>\n\t\t\t\t\t<\/div>\n\t\t\t\t<\/div>\n\t\t<div class=\"elementor-element elementor-element-4410d62 e-flex e-con-boxed e-con e-parent\" data-id=\"4410d62\" data-element_type=\"container\" data-e-type=\"container\">\n\t\t\t\t\t<div class=\"e-con-inner\">\n\t\t\t\t<div class=\"elementor-element elementor-element-0cc7c03 elementor-widget__width-initial elementor-widget elementor-widget-text-editor\" data-id=\"0cc7c03\" data-element_type=\"widget\" data-e-type=\"widget\" data-widget_type=\"text-editor.default\">\n\t\t\t\t<div class=\"elementor-widget-container\">\n\t\t\t\t\t\t\t\t\t<p><strong>Angola situa-se na parte ocidental da \u00c1frica Austral.\u00a0O pa\u00eds tem os seguintes dados geogr\u00e1ficos:<\/strong><\/p><ul><li>Latitude &#8211; Norte &#8211; 04 \u00b0 22&#8217;G \/ Sul &#8211; 18 \u00b0 02 &#8216;.<\/li><li>Comprimento &#8211; leste &#8211; 24 \u00b0 05&#8217;EG \/ oeste &#8211; 11 \u00b0 41 &#8216;.<\/li><li>\u00c1rea: 1.246.700 quil\u00f4metros quadrados.<\/li><li>Extens\u00e3o da costa atl\u00e2ntica: 1.650 quil\u00f4metros.<\/li><li>Fronteiras terrestres: 4,837 quil\u00f4metros.<\/li><li>Pa\u00edses que fazem fronteira com o norte: Rep\u00fablica do Congo e Rep\u00fablica Democr\u00e1tica do Congo.<\/li><li>Pa\u00edses que fazem fronteira com o Leste: Rep\u00fablica Democr\u00e1tica do Congo e Rep\u00fablica da Z\u00e2mbia.<\/li><li>Pa\u00edses que fazem fronteira com o sul: Rep\u00fablica da Nam\u00edbia.<\/li><li>Oeste: Oceano Atl\u00e2ntico.<\/li><\/ul>\t\t\t\t\t\t\t\t<\/div>\n\t\t\t\t<\/div>\n\t\t\t\t\t<\/div>\n\t\t\t\t<\/div>\n\t\t<div class=\"elementor-element elementor-element-72ada8c e-flex e-con-boxed e-con e-parent\" data-id=\"72ada8c\" data-element_type=\"container\" data-e-type=\"container\">\n\t\t\t\t\t<div class=\"e-con-inner\">\n\t\t\t\t<div class=\"elementor-element elementor-element-bb3a5c0 elementor-widget elementor-widget-text-editor\" data-id=\"bb3a5c0\" data-element_type=\"widget\" data-e-type=\"widget\" data-widget_type=\"text-editor.default\">\n\t\t\t\t<div class=\"elementor-widget-container\">\n\t\t\t\t\t\t\t\t\t<strong>Angola tem 18 prov\u00edncias:<\/strong>\n<table width=\"699\">\n<tbody>\n<tr>\n<td><strong>Prov\u00edncia<\/strong><\/td>\n<td><strong>Extens\u00e3o<\/strong><\/td>\n<td><strong>Capital<\/strong><\/td>\n<\/tr>\n<tr>\n<td>Bengo<\/td>\n<td>33,016<\/td>\n<td>Caxito<\/td>\n<\/tr>\n<tr>\n<td>Benguela<\/td>\n<td>39.826<\/td>\n<td>Benguela<\/td>\n<\/tr>\n<tr>\n<td>Bi\u00e9<\/td>\n<td>70,314<\/td>\n<td>Kuito<\/td>\n<\/tr>\n<tr>\n<td>Cabinda<\/td>\n<td>7,270<\/td>\n<td>Cabinda<\/td>\n<\/tr>\n<tr>\n<td>Kuando Kubango<\/td>\n<td>199,049<\/td>\n<td>Menongue<\/td>\n<\/tr>\n<tr>\n<td>Kwanza do Norte<\/td>\n<td>24,110<\/td>\n<td>N&#8217;dalatando<\/td>\n<\/tr>\n<tr>\n<td>Kwanza Sul<\/td>\n<td>55,600<\/td>\n<td>Sumbe<\/td>\n<\/tr>\n<tr>\n<td>Cunene<\/td>\n<td>87,342<\/td>\n<td>Ondjiva<\/td>\n<\/tr>\n<tr>\n<td>Huambo<\/td>\n<td>34,270<\/td>\n<td>Huambo<\/td>\n<\/tr>\n<tr>\n<td>Huila<\/td>\n<td>79,022<\/td>\n<td>Lubango<\/td>\n<\/tr>\n<tr>\n<td>Luanda<\/td>\n<td>2,417<\/td>\n<td>Luanda<\/td>\n<\/tr>\n<tr>\n<td>Lunda Norte<\/td>\n<td>103.000<\/td>\n<td>Dundo<\/td>\n<\/tr>\n<tr>\n<td>South Lunda<\/td>\n<td>77,367<\/td>\n<td>Saurimo<\/td>\n<\/tr>\n<tr>\n<td>Malanje<\/td>\n<td>97,602<\/td>\n<td>Malanje<\/td>\n<\/tr>\n<tr>\n<td>Moxico<\/td>\n<td>223.023<\/td>\n<td>Luena<\/td>\n<\/tr>\n<tr>\n<td>Namibe<\/td>\n<td>57,091<\/td>\n<td>Namibe<\/td>\n<\/tr>\n<tr>\n<td>Uije<\/td>\n<td>58,698<\/td>\n<td>Uije<\/td>\n<\/tr>\n<tr>\n<td>Zaire<\/td>\n<td>40,130<\/td>\n<td>M&#8217;Banza Congo<\/td>\n<\/tr>\n<\/tbody>\n<\/table>\nAproximadamente 65% do territ\u00f3rio est\u00e1 localizado entre 1000 e 1600 metros de altitude.\n\n<p align=\"justify\">A moeda oficial \u00e9 o kwanza. A L\u00edngua Oficial \u00e9 o Portugu\u00eas, assim como v\u00e1rias l\u00ednguas nacionais, e as mais faladas: Kikongo, Kimbundo, Tchokwe, Umbundo, Mbunda, Kwanyama, Nhaneca, Fiote e Nganguela.<\/p>\t\t\t\t\t\t\t\t<\/div>\n\t\t\t\t<\/div>\n\t\t\t\t\t<\/div>\n\t\t\t\t<\/div>\n\t\t<div class=\"elementor-element elementor-element-de0d219 e-flex e-con-boxed e-con e-parent\" data-id=\"de0d219\" data-element_type=\"container\" data-e-type=\"container\">\n\t\t\t\t\t<div class=\"e-con-inner\">\n\t\t\t\t<div class=\"elementor-element elementor-element-0d255a8 elementor-widget elementor-widget-heading\" data-id=\"0d255a8\" data-element_type=\"widget\" data-e-type=\"widget\" data-widget_type=\"heading.default\">\n\t\t\t\t<div class=\"elementor-widget-container\">\n\t\t\t\t\t<h2 class=\"elementor-heading-title elementor-size-medium\">TEMPO<\/h2>\t\t\t\t<\/div>\n\t\t\t\t<\/div>\n\t\t\t\t\t<\/div>\n\t\t\t\t<\/div>\n\t\t<div class=\"elementor-element elementor-element-a5b5e8e e-flex e-con-boxed e-con e-parent\" data-id=\"a5b5e8e\" data-element_type=\"container\" data-e-type=\"container\">\n\t\t\t\t\t<div class=\"e-con-inner\">\n\t\t\t\t<div class=\"elementor-element elementor-element-1733bca elementor-widget elementor-widget-text-editor\" data-id=\"1733bca\" data-element_type=\"widget\" data-e-type=\"widget\" data-widget_type=\"text-editor.default\">\n\t\t\t\t<div class=\"elementor-widget-container\">\n\t\t\t\t\t\t\t\t\t<p align=\"justify\">O clima em Angola tem duas esta\u00e7\u00f5es: a chuvosa, a mais quente que ocorre entre os meses de Setembro a Maio, e a de cacimbo (inverno) ou seca, a menos quente e que vai de Maio a Setembro.<\/p>\n<p align=\"justify\">O pa\u00eds tem uma situa\u00e7\u00e3o geogr\u00e1fica peculiar, porque \u00e9 na zona intertropical e subtropical do hemisf\u00e9rio sul.\u00a0Quando localizado perto do mar, e devido \u00e0s especificidades do seu relevo, divide-se em duas regi\u00f5es clim\u00e1ticas diferentes<\/p>\n\n<ul>\n \t<li>Regi\u00e3o costeira, com umidade relativa m\u00e9dia anual de 30% e temperatura m\u00e9dia acima de 23 \u00b0 C.<\/li>\n \t<li>\n<p align=\"justify\">A Regi\u00e3o do Interior, subdividida na Zona Norte, com fortes chuvas e altas temperaturas, a Altitude Zone, que abrange as regi\u00f5es de plan\u00edcies centrais, com esta\u00e7\u00e3o seca, baixas temperaturas, e o sudoeste, semi-\u00e1rido, como consequ\u00eancia da proximidade do deserto do Namibe, extens\u00e3o do deserto do Kalahari, sujeita a grandes massas de ar tropical continental.<\/p>\n<\/li>\n<\/ul>\n<p align=\"justify\">As temperaturas m\u00e9dias do pa\u00eds s\u00e3o: 27 \u00b0 C no m\u00e1ximo e 17 \u00b0 C no m\u00ednimo<\/p>\n<p align=\"justify\">Esta diversidade clim\u00e1tica corresponde a um potencial tur\u00edstico representado por um patrim\u00f3nio natural rico em flora e fauna diversificadas, permitindo a pr\u00e1tica de todo o tipo de atividades recreativas, divertidas e de aventura.<\/p>\t\t\t\t\t\t\t\t<\/div>\n\t\t\t\t<\/div>\n\t\t\t\t\t<\/div>\n\t\t\t\t<\/div>\n\t\t<div class=\"elementor-element elementor-element-3ddf4d9 e-flex e-con-boxed e-con e-parent\" data-id=\"3ddf4d9\" data-element_type=\"container\" data-e-type=\"container\">\n\t\t\t\t\t<div class=\"e-con-inner\">\n\t\t\t\t<div class=\"elementor-element elementor-element-ec64a38 elementor-widget elementor-widget-heading\" data-id=\"ec64a38\" data-element_type=\"widget\" data-e-type=\"widget\" data-widget_type=\"heading.default\">\n\t\t\t\t<div class=\"elementor-widget-container\">\n\t\t\t\t\t<h2 class=\"elementor-heading-title elementor-size-medium\">FLORA<\/h2>\t\t\t\t<\/div>\n\t\t\t\t<\/div>\n\t\t\t\t\t<\/div>\n\t\t\t\t<\/div>\n\t\t<div class=\"elementor-element elementor-element-8ada235 e-flex e-con-boxed e-con e-parent\" data-id=\"8ada235\" data-element_type=\"container\" data-e-type=\"container\">\n\t\t\t\t\t<div class=\"e-con-inner\">\n\t\t<div class=\"elementor-element elementor-element-922a592 e-con-full e-flex e-con e-child\" data-id=\"922a592\" data-element_type=\"container\" data-e-type=\"container\">\n\t\t\t\t<div class=\"elementor-element elementor-element-81f7b82 elementor-widget elementor-widget-image\" data-id=\"81f7b82\" data-element_type=\"widget\" data-e-type=\"widget\" data-widget_type=\"image.default\">\n\t\t\t\t<div class=\"elementor-widget-container\">\n\t\t\t\t\t\t\t\t\t\t\t\t\t\t\t<img fetchpriority=\"high\" decoding=\"async\" width=\"768\" height=\"510\" src=\"https:\/\/angolaemb-se.org\/wp-content\/uploads\/2023\/10\/FLORA-768x510.jpeg\" class=\"attachment-medium_large size-medium_large wp-image-2186\" alt=\"\" srcset=\"https:\/\/angolaemb-se.org\/wp-content\/uploads\/2023\/10\/FLORA-768x510.jpeg 768w, https:\/\/angolaemb-se.org\/wp-content\/uploads\/2023\/10\/FLORA-400x266.jpeg 400w, https:\/\/angolaemb-se.org\/wp-content\/uploads\/2023\/10\/FLORA.jpeg 1024w\" sizes=\"(max-width: 768px) 100vw, 768px\" \/>\t\t\t\t\t\t\t\t\t\t\t\t\t\t\t<\/div>\n\t\t\t\t<\/div>\n\t\t\t\t<\/div>\n\t\t<div class=\"elementor-element elementor-element-ddf65d8 e-con-full e-flex e-con e-child\" data-id=\"ddf65d8\" data-element_type=\"container\" data-e-type=\"container\">\n\t\t\t\t<div class=\"elementor-element elementor-element-9f2110e elementor-widget elementor-widget-text-editor\" data-id=\"9f2110e\" data-element_type=\"widget\" data-e-type=\"widget\" data-widget_type=\"text-editor.default\">\n\t\t\t\t<div class=\"elementor-widget-container\">\n\t\t\t\t\t\t\t\t\t<p align=\"justify\">Angola tem cinco tipos de \u00e1reas naturais: a floresta h\u00famida e densa, como a do Maiombe (Cabinda), que cont\u00e9m as madeiras mais raras do mundo;\u00a0savanas, normalmente associadas a florestas, como \u00e9 o caso das prov\u00edncias de Luanda Norte e Luanda Sur;\u00a0as savanas secas, com \u00e1rvores ou arbustos, em Luanda, baixas em Kassanje, na prov\u00edncia de Malanje, e tamb\u00e9m algumas outras \u00e1reas das duas Luandas.<\/p>\n\n<p align=\"justify\">Existem tamb\u00e9m \u00e1reas de estepe ao longo de uma faixa que come\u00e7a no sul do Sumbe, no Kwanza Sul, e, finalmente, o deserto, que ocupa uma estreita faixa costeira no extremo sul do pa\u00eds, onde podemos encontrar, no O deserto do Namibe, uma esp\u00e9cie de planta \u00fanica e end\u00e9mica do mundo que assim caracteriza este pa\u00eds, a &#8220;Welwitchia Mirabilis.<\/p>\t\t\t\t\t\t\t\t<\/div>\n\t\t\t\t<\/div>\n\t\t\t\t<\/div>\n\t\t\t\t\t<\/div>\n\t\t\t\t<\/div>\n\t\t<div class=\"elementor-element elementor-element-e4468b6 e-flex e-con-boxed e-con e-parent\" data-id=\"e4468b6\" data-element_type=\"container\" data-e-type=\"container\">\n\t\t\t\t\t<div class=\"e-con-inner\">\n\t\t\t\t<div class=\"elementor-element elementor-element-4611017 elementor-widget elementor-widget-heading\" data-id=\"4611017\" data-element_type=\"widget\" data-e-type=\"widget\" data-widget_type=\"heading.default\">\n\t\t\t\t<div class=\"elementor-widget-container\">\n\t\t\t\t\t<h2 class=\"elementor-heading-title elementor-size-medium\">VIDA SELVAGEM<\/h2>\t\t\t\t<\/div>\n\t\t\t\t<\/div>\n\t\t\t\t\t<\/div>\n\t\t\t\t<\/div>\n\t\t<div class=\"elementor-element elementor-element-b5ca28c e-flex e-con-boxed e-con e-parent\" data-id=\"b5ca28c\" data-element_type=\"container\" data-e-type=\"container\">\n\t\t\t\t\t<div class=\"e-con-inner\">\n\t\t<div class=\"elementor-element elementor-element-2f0765b e-con-full e-flex e-con e-child\" data-id=\"2f0765b\" data-element_type=\"container\" data-e-type=\"container\">\n\t\t\t\t<div class=\"elementor-element elementor-element-41e5345 elementor-widget elementor-widget-text-editor\" data-id=\"41e5345\" data-element_type=\"widget\" data-e-type=\"widget\" data-widget_type=\"text-editor.default\">\n\t\t\t\t<div class=\"elementor-widget-container\">\n\t\t\t\t\t\t\t\t\t<p align=\"justify\">Em Angola, in\u00fameras esp\u00e9cies dispersas s\u00e3o conhecidas de v\u00e1rias regi\u00f5es.\u00a0Na floresta do Maiombe, em Cabinda, vivem gorilas, chimpanz\u00e9s e papagaios.\u00a0Nas \u00e1reas naturais mais \u00famidas do norte, centro e leste, podemos ver o ant\u00edlope, a gigantesca alavanca preta, uma esp\u00e9cie end\u00eamica no mundo e em perigo de extin\u00e7\u00e3o, a seixa e os elefantes.\u00a0<\/p>\n\n<p align=\"justify\">J\u00e1 nas regi\u00f5es mais secas, aparecem a cabra, os ant\u00edlopes do deserto, o leopardo, o b\u00fafalo e tamb\u00e9m o elefante, a zebra e a girafa.\u00a0Animais mais ou menos comuns em todo o territ\u00f3rio s\u00e3o a hiena, o p\u00e9-de-cabra vermelho, o le\u00e3o e o hipop\u00f3tamo.<\/p>\n\n<p align=\"justify\">Na fauna marinha existe tamb\u00e9m uma enorme variedade de peixes e mariscos, que tamb\u00e9m s\u00e3o encontrados nos rios, onde, junto com estes, tamb\u00e9m podemos ver crocodilos ou jacar\u00e9s.<\/p>\t\t\t\t\t\t\t\t<\/div>\n\t\t\t\t<\/div>\n\t\t\t\t<\/div>\n\t\t<div class=\"elementor-element elementor-element-734933d e-con-full e-flex e-con e-child\" data-id=\"734933d\" data-element_type=\"container\" data-e-type=\"container\">\n\t\t\t\t<div class=\"elementor-element elementor-element-9eaf7a6 elementor-widget__width-initial elementor-widget elementor-widget-image\" data-id=\"9eaf7a6\" data-element_type=\"widget\" data-e-type=\"widget\" data-widget_type=\"image.default\">\n\t\t\t\t<div class=\"elementor-widget-container\">\n\t\t\t\t\t\t\t\t\t\t\t\t\t\t\t<img decoding=\"async\" width=\"453\" height=\"345\" src=\"https:\/\/angolaemb-se.org\/wp-content\/uploads\/2023\/10\/1592570184_palanca.jpeg\" class=\"attachment-large size-large wp-image-2187\" alt=\"\" srcset=\"https:\/\/angolaemb-se.org\/wp-content\/uploads\/2023\/10\/1592570184_palanca.jpeg 453w, https:\/\/angolaemb-se.org\/wp-content\/uploads\/2023\/10\/1592570184_palanca-373x284.jpeg 373w\" sizes=\"(max-width: 453px) 100vw, 453px\" \/>\t\t\t\t\t\t\t\t\t\t\t\t\t\t\t<\/div>\n\t\t\t\t<\/div>\n\t\t\t\t<\/div>\n\t\t\t\t\t<\/div>\n\t\t\t\t<\/div>\n\t\t<div class=\"elementor-element elementor-element-9e6e6c8 e-flex e-con-boxed e-con e-parent\" data-id=\"9e6e6c8\" data-element_type=\"container\" data-e-type=\"container\">\n\t\t\t\t\t<div class=\"e-con-inner\">\n\t\t\t\t<div class=\"elementor-element elementor-element-a892d59 elementor-widget elementor-widget-heading\" data-id=\"a892d59\" data-element_type=\"widget\" data-e-type=\"widget\" data-widget_type=\"heading.default\">\n\t\t\t\t<div class=\"elementor-widget-container\">\n\t\t\t\t\t<h2 class=\"elementor-heading-title elementor-size-medium\">PRINCIPAIS RIOS<\/h2>\t\t\t\t<\/div>\n\t\t\t\t<\/div>\n\t\t\t\t\t<\/div>\n\t\t\t\t<\/div>\n\t\t<div class=\"elementor-element elementor-element-b281f7c e-flex e-con-boxed e-con e-parent\" data-id=\"b281f7c\" data-element_type=\"container\" data-e-type=\"container\">\n\t\t\t\t\t<div class=\"e-con-inner\">\n\t\t<div class=\"elementor-element elementor-element-57d18e9 e-con-full e-flex e-con e-child\" data-id=\"57d18e9\" data-element_type=\"container\" data-e-type=\"container\">\n\t\t\t\t<div class=\"elementor-element elementor-element-5e94de5 elementor-widget elementor-widget-image\" data-id=\"5e94de5\" data-element_type=\"widget\" data-e-type=\"widget\" data-widget_type=\"image.default\">\n\t\t\t\t<div class=\"elementor-widget-container\">\n\t\t\t\t\t\t\t\t\t\t\t\t\t\t\t<img decoding=\"async\" width=\"600\" height=\"322\" src=\"https:\/\/angolaemb-se.org\/wp-content\/uploads\/2023\/10\/riokwanza.jpeg\" class=\"attachment-large size-large wp-image-2188\" alt=\"\" srcset=\"https:\/\/angolaemb-se.org\/wp-content\/uploads\/2023\/10\/riokwanza.jpeg 600w, https:\/\/angolaemb-se.org\/wp-content\/uploads\/2023\/10\/riokwanza-400x215.jpeg 400w\" sizes=\"(max-width: 600px) 100vw, 600px\" \/>\t\t\t\t\t\t\t\t\t\t\t\t\t\t\t<\/div>\n\t\t\t\t<\/div>\n\t\t\t\t<\/div>\n\t\t<div class=\"elementor-element elementor-element-af91d29 e-con-full e-flex e-con e-child\" data-id=\"af91d29\" data-element_type=\"container\" data-e-type=\"container\">\n\t\t\t\t<div class=\"elementor-element elementor-element-871b79f elementor-widget elementor-widget-text-editor\" data-id=\"871b79f\" data-element_type=\"widget\" data-e-type=\"widget\" data-widget_type=\"text-editor.default\">\n\t\t\t\t<div class=\"elementor-widget-container\">\n\t\t\t\t\t\t\t\t\t<p align=\"justify\">O rio principal em Angola \u00e9 o Kwanza, que d\u00e1 nome \u00e0 moeda nacional.\u00a0Dos seus mil quil\u00f4metros de extens\u00e3o, apenas 240 s\u00e3o naveg\u00e1veis.\u00a0Seguido pelo Kubango (975 quil\u00f4metros), o Cunene (800) e, finalmente, na lista dos quatro principais rios do pa\u00eds, Zaire (150), todos naveg\u00e1vel.<\/p>\n\n<p align=\"justify\">Os rios angolanos oferecem oportunidades para a implementa\u00e7\u00e3o de neg\u00f3cios de interesse tur\u00edstico ou misto do tipo com\u00e9rcio-turismo ou at\u00e9 mesmo a pr\u00e1tica do ecoturismo.<\/p>\t\t\t\t\t\t\t\t<\/div>\n\t\t\t\t<\/div>\n\t\t\t\t<\/div>\n\t\t\t\t\t<\/div>\n\t\t\t\t<\/div>\n\t\t<div class=\"elementor-element elementor-element-92a7eb4 e-flex e-con-boxed e-con e-parent\" data-id=\"92a7eb4\" data-element_type=\"container\" data-e-type=\"container\">\n\t\t\t\t\t<div class=\"e-con-inner\">\n\t\t\t\t<div class=\"elementor-element elementor-element-4c7bf80 elementor-widget elementor-widget-heading\" data-id=\"4c7bf80\" data-element_type=\"widget\" data-e-type=\"widget\" data-widget_type=\"heading.default\">\n\t\t\t\t<div class=\"elementor-widget-container\">\n\t\t\t\t\t<h2 class=\"elementor-heading-title elementor-size-medium\">CULTURA<\/h2>\t\t\t\t<\/div>\n\t\t\t\t<\/div>\n\t\t\t\t\t<\/div>\n\t\t\t\t<\/div>\n\t\t<div class=\"elementor-element elementor-element-bf0fc45 e-flex e-con-boxed e-con e-parent\" data-id=\"bf0fc45\" data-element_type=\"container\" data-e-type=\"container\">\n\t\t\t\t\t<div class=\"e-con-inner\">\n\t\t<div class=\"elementor-element elementor-element-ac950eb e-con-full e-flex e-con e-child\" data-id=\"ac950eb\" data-element_type=\"container\" data-e-type=\"container\">\n\t\t\t\t<div class=\"elementor-element elementor-element-8ceb119 elementor-widget elementor-widget-text-editor\" data-id=\"8ceb119\" data-element_type=\"widget\" data-e-type=\"widget\" data-widget_type=\"text-editor.default\">\n\t\t\t\t<div class=\"elementor-widget-container\">\n\t\t\t\t\t\t\t\t\t<p align=\"justify\"><span style=\"vertical-align: inherit;\"><span style=\"vertical-align: inherit;\">Um dos grandes valores de Angola \u00e9, sem d\u00favida, a sua cultura em todas as suas manifesta\u00e7\u00f5es. A m\u00fasica angolana, tanto tradicional (semba, rebita) como moderna (kizomba, kuduro, zouk) tem alcan\u00e7ado progresso, j\u00e1 com alguma proje\u00e7\u00e3o internacional.<\/span><\/span><\/p><p align=\"justify\"><span style=\"vertical-align: inherit;\"><span style=\"vertical-align: inherit;\">Existem alguns instrumentos tradicionais que devem ser inclu\u00eddos como parte da riqueza cultural e tradicional angolana. \u00c9 o caso do batuque (tambor), do beijonge e da marimba. J\u00e1 o primeiro presidente de Angola, Ant\u00f3nio Agostinho Neto, disse, num dos seus poemas: &#8220;\u00c0 marimba e ao beijonge, ao nosso carnaval, temos que voltar&#8221;.<\/span><\/span><\/p><p align=\"justify\"><span style=\"vertical-align: inherit;\"><span style=\"vertical-align: inherit;\">Dan\u00e7as tradicionais com ritmos marcantes tamb\u00e9m ocupam um lugar importante, n\u00e3o deixando ningu\u00e9m indiferente.<\/span><\/span><\/p><p align=\"justify\"><span style=\"vertical-align: inherit;\"><span style=\"vertical-align: inherit;\">Carnaval \u00e9, sem d\u00favida, uma das express\u00f5es culturais que devem ser acompanhadas com uma m\u00fasica que combina harmonioso e de dan\u00e7a, tais como semba, varina, cabetula, kazucuta e Cabecinha.<\/span><\/span><\/p><p align=\"justify\"><span style=\"vertical-align: inherit;\"><span style=\"vertical-align: inherit;\">Em termos de artesanato, Angola tem muito a oferecer. Madeira \u00e9, talvez, um que tem mais express\u00e3o (vara estanque, cinzas vara, pau-rosa, panga-panga), mas existem ainda outros materiais que s\u00e3o explorados com grande mestria como lama, Mateba (fibra de palma), bronze, marfim e chifre.<\/span><\/span><\/p>\t\t\t\t\t\t\t\t<\/div>\n\t\t\t\t<\/div>\n\t\t\t\t<\/div>\n\t\t<div class=\"elementor-element elementor-element-ddc8519 e-con-full e-flex e-con e-child\" data-id=\"ddc8519\" data-element_type=\"container\" data-e-type=\"container\">\n\t\t\t\t<div class=\"elementor-element elementor-element-44d2b60 elementor-widget elementor-widget-image\" data-id=\"44d2b60\" data-element_type=\"widget\" data-e-type=\"widget\" data-widget_type=\"image.default\">\n\t\t\t\t<div class=\"elementor-widget-container\">\n\t\t\t\t\t\t\t\t\t\t\t\t\t\t\t<img loading=\"lazy\" decoding=\"async\" width=\"750\" height=\"380\" src=\"https:\/\/angolaemb-se.org\/wp-content\/uploads\/2023\/10\/cultura.jpeg\" class=\"attachment-medium_large size-medium_large wp-image-2190\" alt=\"\" srcset=\"https:\/\/angolaemb-se.org\/wp-content\/uploads\/2023\/10\/cultura.jpeg 750w, https:\/\/angolaemb-se.org\/wp-content\/uploads\/2023\/10\/cultura-400x203.jpeg 400w\" sizes=\"(max-width: 750px) 100vw, 750px\" \/>\t\t\t\t\t\t\t\t\t\t\t\t\t\t\t<\/div>\n\t\t\t\t<\/div>\n\t\t\t\t<\/div>\n\t\t\t\t\t<\/div>\n\t\t\t\t<\/div>\n\t\t<div class=\"elementor-element elementor-element-288d38e e-flex e-con-boxed e-con e-parent\" data-id=\"288d38e\" data-element_type=\"container\" data-e-type=\"container\">\n\t\t\t\t\t<div class=\"e-con-inner\">\n\t\t\t\t<div class=\"elementor-element elementor-element-677d43e elementor-widget elementor-widget-heading\" data-id=\"677d43e\" data-element_type=\"widget\" data-e-type=\"widget\" data-widget_type=\"heading.default\">\n\t\t\t\t<div class=\"elementor-widget-container\">\n\t\t\t\t\t<h2 class=\"elementor-heading-title elementor-size-medium\">POPULA\u00c7\u00c3O<\/h2>\t\t\t\t<\/div>\n\t\t\t\t<\/div>\n\t\t\t\t\t<\/div>\n\t\t\t\t<\/div>\n\t\t<div class=\"elementor-element elementor-element-d523cdf e-flex e-con-boxed e-con e-parent\" data-id=\"d523cdf\" data-element_type=\"container\" data-e-type=\"container\">\n\t\t\t\t\t<div class=\"e-con-inner\">\n\t\t<div class=\"elementor-element elementor-element-47d8fab e-con-full e-flex e-con e-child\" data-id=\"47d8fab\" data-element_type=\"container\" data-e-type=\"container\">\n\t\t\t\t<div class=\"elementor-element elementor-element-1e2722b elementor-widget elementor-widget-image\" data-id=\"1e2722b\" data-element_type=\"widget\" data-e-type=\"widget\" data-widget_type=\"image.default\">\n\t\t\t\t<div class=\"elementor-widget-container\">\n\t\t\t\t\t\t\t\t\t\t\t\t\t\t\t<img loading=\"lazy\" decoding=\"async\" width=\"1024\" height=\"680\" src=\"https:\/\/angolaemb-se.org\/wp-content\/uploads\/2023\/10\/POPULACAO-1024x680.png\" class=\"attachment-large size-large wp-image-2191\" alt=\"\" srcset=\"https:\/\/angolaemb-se.org\/wp-content\/uploads\/2023\/10\/POPULACAO-1024x680.png 1024w, https:\/\/angolaemb-se.org\/wp-content\/uploads\/2023\/10\/POPULACAO-400x266.png 400w, https:\/\/angolaemb-se.org\/wp-content\/uploads\/2023\/10\/POPULACAO-768x510.png 768w, https:\/\/angolaemb-se.org\/wp-content\/uploads\/2023\/10\/POPULACAO.png 1200w\" sizes=\"(max-width: 1024px) 100vw, 1024px\" \/>\t\t\t\t\t\t\t\t\t\t\t\t\t\t\t<\/div>\n\t\t\t\t<\/div>\n\t\t\t\t<\/div>\n\t\t<div class=\"elementor-element elementor-element-186ec71 e-con-full e-flex e-con e-child\" data-id=\"186ec71\" data-element_type=\"container\" data-e-type=\"container\">\n\t\t\t\t<div class=\"elementor-element elementor-element-4237413 elementor-widget elementor-widget-text-editor\" data-id=\"4237413\" data-element_type=\"widget\" data-e-type=\"widget\" data-widget_type=\"text-editor.default\">\n\t\t\t\t<div class=\"elementor-widget-container\">\n\t\t\t\t\t\t\t\t\t<p align=\"JUSTIFY\">A popula\u00e7\u00e3o de Angola \u00e9 principalmente de origem bantu.\u00a0Entre eles destacam-se os ovimbundus, kimbundus e bakongos.\u00a0Mas h\u00e1 outros grupos \u00e9tnicos minorit\u00e1rios como o Koysan (no sudoeste do pa\u00eds).<\/P>\n\n<p align=\"justify\">A l\u00edngua oficial \u00e9 o Portugu\u00eas e h\u00e1 cerca de 42 idiomas, dos quais o Kimbundu, o Umbundu, o Kicongo e o Tchokwe s\u00e3o os mais utilizados.<\/P>\t\t\t\t\t\t\t\t<\/div>\n\t\t\t\t<\/div>\n\t\t\t\t<\/div>\n\t\t\t\t\t<\/div>\n\t\t\t\t<\/div>\n\t\t\t\t<\/div>\n\t\t","protected":false},"excerpt":{"rendered":"<p>Angola, oficialmente Rep\u00fablica de Angola, \u00e9 um pa\u00eds da costa ocidental de \u00c1frica, cujo territ\u00f3rio principal \u00e9 limitado a norte e a nordeste pela Rep\u00fablica Democr\u00e1tica do Congo, a leste pela Z\u00e2mbia, a sul pela Nam\u00edbia e a oeste pelo Oceano Atl\u00e2ntico. Inclui tamb\u00e9m o exclave de Cabinda, atrav\u00e9s do qual faz fronteira com a&hellip;<\/p>\n","protected":false},"author":1,"featured_media":0,"parent":0,"menu_order":0,"comment_status":"closed","ping_status":"closed","template":"","meta":{"om_disable_all_campaigns":false,"_themeisle_gutenberg_block_has_review":false,"_mc_calendar":[],"footnotes":""},"class_list":["post-2177","page","type-page","status-publish","hentry"],"aioseo_notices":[],"_links":{"self":[{"href":"https:\/\/angolaemb-se.org\/index.php?rest_route=\/wp\/v2\/pages\/2177","targetHints":{"allow":["GET"]}}],"collection":[{"href":"https:\/\/angolaemb-se.org\/index.php?rest_route=\/wp\/v2\/pages"}],"about":[{"href":"https:\/\/angolaemb-se.org\/index.php?rest_route=\/wp\/v2\/types\/page"}],"author":[{"embeddable":true,"href":"https:\/\/angolaemb-se.org\/index.php?rest_route=\/wp\/v2\/users\/1"}],"replies":[{"embeddable":true,"href":"https:\/\/angolaemb-se.org\/index.php?rest_route=%2Fwp%2Fv2%2Fcomments&post=2177"}],"version-history":[{"count":31,"href":"https:\/\/angolaemb-se.org\/index.php?rest_route=\/wp\/v2\/pages\/2177\/revisions"}],"predecessor-version":[{"id":3188,"href":"https:\/\/angolaemb-se.org\/index.php?rest_route=\/wp\/v2\/pages\/2177\/revisions\/3188"}],"wp:attachment":[{"href":"https:\/\/angolaemb-se.org\/index.php?rest_route=%2Fwp%2Fv2%2Fmedia&parent=2177"}],"curies":[{"name":"wp","href":"https:\/\/api.w.org\/{rel}","templated":true}]}}